{"id":1116,"date":"2024-02-23T09:07:24","date_gmt":"2024-02-23T09:07:24","guid":{"rendered":"https:\/\/eurosportpool.eu\/?page_id=1116"},"modified":"2024-04-02T11:42:40","modified_gmt":"2024-04-02T11:42:40","slug":"statuts","status":"publish","type":"page","link":"https:\/\/eurosportpool.eu\/fr\/statuts\/","title":{"rendered":"Statuts"},"content":{"rendered":"[vc_row type=\u00a0\u00bbfull_width_content\u00a0\u00bb full_screen_row_position=\u00a0\u00bbmiddle\u00a0\u00bb column_margin=\u00a0\u00bbnone\u00a0\u00bb equal_height=\u00a0\u00bbyes\u00a0\u00bb content_placement=\u00a0\u00bbmiddle\u00a0\u00bb column_direction=\u00a0\u00bbdefault\u00a0\u00bb column_direction_tablet=\u00a0\u00bbdefault\u00a0\u00bb column_direction_phone=\u00a0\u00bbdefault\u00a0\u00bb scene_position=\u00a0\u00bbcenter\u00a0\u00bb top_padding=\u00a0\u00bb12%\u00a0\u00bb bottom_padding=\u00a0\u00bb2%\u00a0\u00bb left_padding_desktop=\u00a0\u00bb7%\u00a0\u00bb constrain_group_2=\u00a0\u00bbyes\u00a0\u00bb right_padding_desktop=\u00a0\u00bb7%\u00a0\u00bb bottom_padding_tablet=\u00a0\u00bb10%\u00a0\u00bb text_color=\u00a0\u00bbdark\u00a0\u00bb text_align=\u00a0\u00bbleft\u00a0\u00bb row_border_radius=\u00a0\u00bbnone\u00a0\u00bb row_border_radius_applies=\u00a0\u00bbbg\u00a0\u00bb overflow=\u00a0\u00bbvisible\u00a0\u00bb id=\u00a0\u00bbhow-it-works\u00a0\u00bb advanced_gradient_angle=\u00a0\u00bb0&Prime; overlay_strength=\u00a0\u00bb0.3&Prime; gradient_direction=\u00a0\u00bbleft_to_right\u00a0\u00bb shape_divider_position=\u00a0\u00bbbottom\u00a0\u00bb bg_image_animation=\u00a0\u00bbnone\u00a0\u00bb gradient_type=\u00a0\u00bbdefault\u00a0\u00bb shape_type=\u00a0\u00bb\u00a0\u00bb][vc_column column_padding=\u00a0\u00bbno-extra-padding\u00a0\u00bb column_padding_tablet=\u00a0\u00bbinherit\u00a0\u00bb column_padding_phone=\u00a0\u00bbinherit\u00a0\u00bb column_padding_position=\u00a0\u00bball\u00a0\u00bb column_element_direction_desktop=\u00a0\u00bbdefault\u00a0\u00bb column_element_spacing=\u00a0\u00bb0px\u00a0\u00bb desktop_text_alignment=\u00a0\u00bbdefault\u00a0\u00bb tablet_text_alignment=\u00a0\u00bbdefault\u00a0\u00bb phone_text_alignment=\u00a0\u00bbdefault\u00a0\u00bb background_color_opacity=\u00a0\u00bb1&Prime; background_hover_color_opacity=\u00a0\u00bb1&Prime; column_backdrop_filter=\u00a0\u00bbnone\u00a0\u00bb column_shadow=\u00a0\u00bbnone\u00a0\u00bb column_border_radius=\u00a0\u00bbnone\u00a0\u00bb column_link_target=\u00a0\u00bb_self\u00a0\u00bb column_position=\u00a0\u00bbrelative\u00a0\u00bb advanced_gradient_angle=\u00a0\u00bb180&Prime; width=\u00a0\u00bb1\/1&Prime; tablet_width_inherit=\u00a0\u00bbdefault\u00a0\u00bb animation_type=\u00a0\u00bbdefault\u00a0\u00bb bg_image_animation=\u00a0\u00bbnone\u00a0\u00bb border_type=\u00a0\u00bbsimple\u00a0\u00bb column_border_width=\u00a0\u00bbnone\u00a0\u00bb column_border_style=\u00a0\u00bbsolid\u00a0\u00bb gradient_type=\u00a0\u00bbadvanced\u00a0\u00bb advanced_gradient_display_type=\u00a0\u00bblinear\u00a0\u00bb column_padding_type=\u00a0\u00bbdefault\u00a0\u00bb][vc_row_inner column_margin=\u00a0\u00bbnone\u00a0\u00bb column_direction=\u00a0\u00bbdefault\u00a0\u00bb column_direction_tablet=\u00a0\u00bbdefault\u00a0\u00bb column_direction_phone=\u00a0\u00bbdefault\u00a0\u00bb right_padding_desktop=\u00a0\u00bb5%\u00a0\u00bb top_padding_tablet=\u00a0\u00bb8%\u00a0\u00bb text_align=\u00a0\u00bbleft\u00a0\u00bb row_position=\u00a0\u00bbdefault\u00a0\u00bb row_position_tablet=\u00a0\u00bbinherit\u00a0\u00bb row_position_phone=\u00a0\u00bbinherit\u00a0\u00bb overflow=\u00a0\u00bbvisible\u00a0\u00bb pointer_events=\u00a0\u00bball\u00a0\u00bb][vc_column_inner column_padding=\u00a0\u00bbno-extra-padding\u00a0\u00bb column_padding_tablet=\u00a0\u00bbinherit\u00a0\u00bb column_padding_phone=\u00a0\u00bbinherit\u00a0\u00bb column_padding_position=\u00a0\u00bball\u00a0\u00bb column_element_direction_desktop=\u00a0\u00bbdefault\u00a0\u00bb column_element_spacing=\u00a0\u00bbdefault\u00a0\u00bb desktop_text_alignment=\u00a0\u00bbdefault\u00a0\u00bb tablet_text_alignment=\u00a0\u00bbdefault\u00a0\u00bb phone_text_alignment=\u00a0\u00bbdefault\u00a0\u00bb background_color_opacity=\u00a0\u00bb1&Prime; background_hover_color_opacity=\u00a0\u00bb1&Prime; column_backdrop_filter=\u00a0\u00bbnone\u00a0\u00bb column_shadow=\u00a0\u00bbnone\u00a0\u00bb column_border_radius=\u00a0\u00bbnone\u00a0\u00bb column_link_target=\u00a0\u00bb_self\u00a0\u00bb overflow=\u00a0\u00bbvisible\u00a0\u00bb advanced_gradient_angle=\u00a0\u00bb0&Prime; gradient_direction=\u00a0\u00bbleft_to_right\u00a0\u00bb overlay_strength=\u00a0\u00bb0.3&Prime; width=\u00a0\u00bb1\/1&Prime; tablet_width_inherit=\u00a0\u00bbdefault\u00a0\u00bb animation_type=\u00a0\u00bbdefault\u00a0\u00bb bg_image_animation=\u00a0\u00bbnone\u00a0\u00bb border_type=\u00a0\u00bbsimple\u00a0\u00bb column_border_width=\u00a0\u00bbnone\u00a0\u00bb column_border_style=\u00a0\u00bbsolid\u00a0\u00bb gradient_type=\u00a0\u00bbdefault\u00a0\u00bb][divider line_type=\u00a0\u00bbNo Line\u00a0\u00bb custom_height=\u00a0\u00bb0px\u00a0\u00bb custom_height_tablet=\u00a0\u00bb0px\u00a0\u00bb custom_height_phone=\u00a0\u00bb75px\u00a0\u00bb][split_line_heading animation_type=\u00a0\u00bbline-reveal-by-space\u00a0\u00bb font_style=\u00a0\u00bbh1&Prime; text_color=\u00a0\u00bb#312783&Prime; line_reveal_by_space_text_effect=\u00a0\u00bbnone\u00a0\u00bb mobile_disable_animation=\u00a0\u00bbtrue\u00a0\u00bb content_alignment=\u00a0\u00bbcenter\u00a0\u00bb mobile_content_alignment=\u00a0\u00bbinherit\u00a0\u00bb link_target=\u00a0\u00bb_self\u00a0\u00bb text_content=\u00a0\u00bbStatuts d&rsquo;une association \u00e0 but non lucratif, a.s.b.l.\u00a0\u00bb font_size=\u00a0\u00bb3vw\u00a0\u00bb font_line_height=\u00a0\u00bb1.3&Prime; text_direction=\u00a0\u00bbdefault\u00a0\u00bb][\/split_line_heading][divider line_type=\u00a0\u00bbFull Width Line\u00a0\u00bb line_thickness=\u00a0\u00bb1&Prime; divider_color=\u00a0\u00bbextra-color-2&Prime;][vc_column_text text_direction=\u00a0\u00bbdefault\u00a0\u00bb]\n<p style=\"text-align: center;\">Mod\u00e8le de statuts d\u2019une association sans but lucratif, a.s.b.l.<br \/>\npar r\u00e9f\u00e9rence \u00e0 la loi du 7 ao\u00fbt 2023 sur les associations sans but lucratif et les fondations (la Loi)<br \/>\nEntre les soussign\u00e9s\u00a0:<\/p>\n[\/vc_column_text][divider line_type=\u00a0\u00bbNo Line\u00a0\u00bb custom_height=\u00a0\u00bb50px\u00a0\u00bb][\/vc_column_inner][\/vc_row_inner][\/vc_column][\/vc_row][vc_row type=\u00a0\u00bbfull_width_background\u00a0\u00bb full_screen_row_position=\u00a0\u00bbmiddle\u00a0\u00bb column_margin=\u00a0\u00bbnone\u00a0\u00bb equal_height=\u00a0\u00bbyes\u00a0\u00bb content_placement=\u00a0\u00bbmiddle\u00a0\u00bb column_direction=\u00a0\u00bbdefault\u00a0\u00bb column_direction_tablet=\u00a0\u00bbdefault\u00a0\u00bb column_direction_phone=\u00a0\u00bbdefault\u00a0\u00bb scene_position=\u00a0\u00bbcenter\u00a0\u00bb top_margin=\u00a0\u00bb-6%\u00a0\u00bb text_color=\u00a0\u00bbdark\u00a0\u00bb text_align=\u00a0\u00bbleft\u00a0\u00bb row_border_radius=\u00a0\u00bbnone\u00a0\u00bb row_border_radius_applies=\u00a0\u00bbbg\u00a0\u00bb overflow=\u00a0\u00bbhidden\u00a0\u00bb overlay_strength=\u00a0\u00bb0.3&Prime; gradient_direction=\u00a0\u00bbleft_to_right\u00a0\u00bb shape_divider_position=\u00a0\u00bbbottom\u00a0\u00bb bg_image_animation=\u00a0\u00bbnone\u00a0\u00bb gradient_type=\u00a0\u00bbdefault\u00a0\u00bb shape_type=\u00a0\u00bb\u00a0\u00bb][vc_column top_padding_desktop=\u00a0\u00bb4vw\u00a0\u00bb bottom_padding_desktop=\u00a0\u00bb6vw\u00a0\u00bb left_padding_desktop=\u00a0\u00bb7vw\u00a0\u00bb constrain_group_101=\u00a0\u00bbyes\u00a0\u00bb right_padding_desktop=\u00a0\u00bb7vw\u00a0\u00bb column_element_direction_desktop=\u00a0\u00bbdefault\u00a0\u00bb column_element_spacing=\u00a0\u00bbdefault\u00a0\u00bb desktop_text_alignment=\u00a0\u00bbdefault\u00a0\u00bb tablet_text_alignment=\u00a0\u00bbdefault\u00a0\u00bb phone_text_alignment=\u00a0\u00bbdefault\u00a0\u00bb background_color_opacity=\u00a0\u00bb1&Prime; background_hover_color_opacity=\u00a0\u00bb1&Prime; column_backdrop_filter=\u00a0\u00bbnone\u00a0\u00bb column_shadow=\u00a0\u00bbnone\u00a0\u00bb column_border_radius=\u00a0\u00bbnone\u00a0\u00bb column_link_target=\u00a0\u00bb_self\u00a0\u00bb column_position=\u00a0\u00bbdefault\u00a0\u00bb advanced_gradient_angle=\u00a0\u00bb0&Prime; gradient_direction=\u00a0\u00bbleft_to_right\u00a0\u00bb overlay_strength=\u00a0\u00bb0.8&Prime; width=\u00a0\u00bb1\/1&Prime; tablet_width_inherit=\u00a0\u00bbdefault\u00a0\u00bb animation_type=\u00a0\u00bbdefault\u00a0\u00bb bg_image_animation=\u00a0\u00bbnone\u00a0\u00bb border_type=\u00a0\u00bbsimple\u00a0\u00bb column_border_width=\u00a0\u00bbnone\u00a0\u00bb column_border_style=\u00a0\u00bbsolid\u00a0\u00bb gradient_type=\u00a0\u00bbdefault\u00a0\u00bb column_padding_type=\u00a0\u00bbadvanced\u00a0\u00bb][vc_column_text text_direction=\u00a0\u00bbdefault\u00a0\u00bb]\n<h3 style=\"text-align: left;\">Membres fondateurs<\/h3>\n[\/vc_column_text][nectar_horizontal_list_item columns=\u00a0\u00bb2&Prime; column_layout_using_2_columns=\u00a0\u00bbeven\u00a0\u00bb col_1_text_align=\u00a0\u00bbleft\u00a0\u00bb col_2_text_align=\u00a0\u00bbleft\u00a0\u00bb col_1_text_element=\u00a0\u00bbh5&Prime; col_2_text_element=\u00a0\u00bbp\u00a0\u00bb font_family=\u00a0\u00bbp\u00a0\u00bb hover_effect=\u00a0\u00bbnone\u00a0\u00bb icon_family=\u00a0\u00bbnone\u00a0\u00bb icon_size=\u00a0\u00bbregular\u00a0\u00bb col_1_content=\u00a0\u00bbMinist\u00e8re de la Communaut\u00e9 germanophone\u00a0\u00bb col_2_content=\u00a0\u00bbGospertstrasse 1, 4700 Eupen &#8211; Belgien\u00a0\u00bb][nectar_horizontal_list_item columns=\u00a0\u00bb2&Prime; column_layout_using_2_columns=\u00a0\u00bbeven\u00a0\u00bb col_1_text_align=\u00a0\u00bbleft\u00a0\u00bb col_2_text_align=\u00a0\u00bbleft\u00a0\u00bb col_1_text_element=\u00a0\u00bbh5&Prime; col_2_text_element=\u00a0\u00bbp\u00a0\u00bb font_family=\u00a0\u00bbp\u00a0\u00bb hover_effect=\u00a0\u00bbnone\u00a0\u00bb icon_family=\u00a0\u00bbnone\u00a0\u00bb icon_size=\u00a0\u00bbregular\u00a0\u00bb col_1_content=\u00a0\u00bbR\u00e9gion Grand-Est\u00a0\u00bb col_2_content=\u00a0\u00bbPlace Gabriel Hocquard CS 81004, 57036, Metz cedex 1, Frankreich\u00a0\u00bb][nectar_horizontal_list_item columns=\u00a0\u00bb2&Prime; column_layout_using_2_columns=\u00a0\u00bbeven\u00a0\u00bb col_1_text_align=\u00a0\u00bbleft\u00a0\u00bb col_2_text_align=\u00a0\u00bbleft\u00a0\u00bb col_1_text_element=\u00a0\u00bbh5&Prime; col_2_text_element=\u00a0\u00bbp\u00a0\u00bb font_family=\u00a0\u00bbp\u00a0\u00bb hover_effect=\u00a0\u00bbnone\u00a0\u00bb icon_family=\u00a0\u00bbnone\u00a0\u00bb icon_size=\u00a0\u00bbregular\u00a0\u00bb col_1_content=\u00a0\u00bbEurop\u00e4ische Akademie des Rheinland-pf\u00e4lzischen Sports \u00a0\u00bb col_2_content=\u00a0\u00bbHerzogenbuscher Stra\u00dfe 56, 54292 Trier, Deutschland\u00a0\u00bb][nectar_horizontal_list_item columns=\u00a0\u00bb2&Prime; column_layout_using_2_columns=\u00a0\u00bbeven\u00a0\u00bb col_1_text_align=\u00a0\u00bbleft\u00a0\u00bb col_2_text_align=\u00a0\u00bbleft\u00a0\u00bb col_1_text_element=\u00a0\u00bbh5&Prime; col_2_text_element=\u00a0\u00bbp\u00a0\u00bb font_family=\u00a0\u00bbp\u00a0\u00bb hover_effect=\u00a0\u00bbnone\u00a0\u00bb icon_family=\u00a0\u00bbnone\u00a0\u00bb icon_size=\u00a0\u00bbregular\u00a0\u00bb col_1_content=\u00a0\u00bbLandessportbund Rheinland-Pfalz\u00a0\u00bb col_2_content=\u00a0\u00bbRheinallee 1, 55116 Mainz, Deutschland\u00a0\u00bb][nectar_horizontal_list_item columns=\u00a0\u00bb2&Prime; column_layout_using_2_columns=\u00a0\u00bbeven\u00a0\u00bb col_1_text_align=\u00a0\u00bbleft\u00a0\u00bb col_2_text_align=\u00a0\u00bbleft\u00a0\u00bb col_1_text_element=\u00a0\u00bbh5&Prime; col_2_text_element=\u00a0\u00bbp\u00a0\u00bb font_family=\u00a0\u00bbp\u00a0\u00bb hover_effect=\u00a0\u00bbnone\u00a0\u00bb icon_family=\u00a0\u00bbnone\u00a0\u00bb icon_size=\u00a0\u00bbregular\u00a0\u00bb col_1_content=\u00a0\u00bbMinisterium des Innern und fu\u0308r Sport Rheinland-Pfalz\u00a0\u00bb col_2_content=\u00a0\u00bbSchillerplatz 3-5, 55116 Mainz, Deutschland\u00a0\u00bb][nectar_horizontal_list_item columns=\u00a0\u00bb2&Prime; column_layout_using_2_columns=\u00a0\u00bbeven\u00a0\u00bb col_1_text_align=\u00a0\u00bbleft\u00a0\u00bb col_2_text_align=\u00a0\u00bbleft\u00a0\u00bb col_1_text_element=\u00a0\u00bbh5&Prime; col_2_text_element=\u00a0\u00bbp\u00a0\u00bb font_family=\u00a0\u00bbp\u00a0\u00bb hover_effect=\u00a0\u00bbnone\u00a0\u00bb icon_family=\u00a0\u00bbnone\u00a0\u00bb icon_size=\u00a0\u00bbregular\u00a0\u00bb col_1_content=\u00a0\u00bbLandesportverband fu\u0308r das Saarland\u00a0\u00bb col_2_content=\u00a0\u00bbHermann-Neuberger-Sportschule 4, 66123 Saarbru\u0308cken, Deutschland\u00a0\u00bb][nectar_horizontal_list_item columns=\u00a0\u00bb2&Prime; column_layout_using_2_columns=\u00a0\u00bbeven\u00a0\u00bb col_1_text_align=\u00a0\u00bbleft\u00a0\u00bb col_2_text_align=\u00a0\u00bbleft\u00a0\u00bb col_1_text_element=\u00a0\u00bbh5&Prime; col_2_text_element=\u00a0\u00bbp\u00a0\u00bb font_family=\u00a0\u00bbp\u00a0\u00bb hover_effect=\u00a0\u00bbnone\u00a0\u00bb icon_family=\u00a0\u00bbnone\u00a0\u00bb icon_size=\u00a0\u00bbregular\u00a0\u00bb col_1_content=\u00a0\u00bbMinisterium des Innern und fu\u0308r Sport des Saarlandes\u00a0\u00bb col_2_content=\u00a0\u00bbFranz-Josef-R\u00f6der-Stra\u00dfe 21, 66119 Saarbru\u0308cken, Deutschland\u00a0\u00bb][nectar_horizontal_list_item columns=\u00a0\u00bb2&Prime; column_layout_using_2_columns=\u00a0\u00bbeven\u00a0\u00bb col_1_text_align=\u00a0\u00bbleft\u00a0\u00bb col_2_text_align=\u00a0\u00bbleft\u00a0\u00bb col_1_text_element=\u00a0\u00bbh5&Prime; col_2_text_element=\u00a0\u00bbp\u00a0\u00bb font_family=\u00a0\u00bbp\u00a0\u00bb hover_effect=\u00a0\u00bbnone\u00a0\u00bb icon_family=\u00a0\u00bbnone\u00a0\u00bb icon_size=\u00a0\u00bbregular\u00a0\u00bb col_1_content=\u00a0\u00bbInstitut national de l&rsquo;activit\u00e9 physique et des sports\u00a0\u00bb col_2_content=\u00a0\u00bbrue de Tr\u00eaves 66, 2630 Luxemburg, Luxemburg\u00a0\u00bb][nectar_horizontal_list_item columns=\u00a0\u00bb2&Prime; column_layout_using_2_columns=\u00a0\u00bbeven\u00a0\u00bb col_1_text_align=\u00a0\u00bbleft\u00a0\u00bb col_2_text_align=\u00a0\u00bbleft\u00a0\u00bb col_1_text_element=\u00a0\u00bbh5&Prime; col_2_text_element=\u00a0\u00bbp\u00a0\u00bb font_family=\u00a0\u00bbp\u00a0\u00bb hover_effect=\u00a0\u00bbnone\u00a0\u00bb icon_family=\u00a0\u00bbnone\u00a0\u00bb icon_size=\u00a0\u00bbregular\u00a0\u00bb col_1_content=\u00a0\u00bbComit\u00e9 olympique de Luxembourg\u00a0\u00bb col_2_content=\u00a0\u00bbroute d&rsquo;Arlon, 4, 8010 Strassen, Luxemburg\u00a0\u00bb][nectar_horizontal_list_item columns=\u00a0\u00bb2&Prime; column_layout_using_2_columns=\u00a0\u00bbeven\u00a0\u00bb col_1_text_align=\u00a0\u00bbleft\u00a0\u00bb col_2_text_align=\u00a0\u00bbleft\u00a0\u00bb col_1_text_element=\u00a0\u00bbh5&Prime; col_2_text_element=\u00a0\u00bbp\u00a0\u00bb font_family=\u00a0\u00bbp\u00a0\u00bb hover_effect=\u00a0\u00bbnone\u00a0\u00bb icon_family=\u00a0\u00bbnone\u00a0\u00bb icon_size=\u00a0\u00bbregular\u00a0\u00bb col_1_content=\u00a0\u00bbCROS Grand-Est\u00a0\u00bb col_2_content=\u00a0\u00bbMaison d\u00e9partementale des Sports 4, rue Jean Mentelin, 67035 Strasbourg cedex 2, Frankreich\u00a0\u00bb][nectar_horizontal_list_item columns=\u00a0\u00bb2&Prime; column_layout_using_2_columns=\u00a0\u00bbeven\u00a0\u00bb col_1_text_align=\u00a0\u00bbleft\u00a0\u00bb col_2_text_align=\u00a0\u00bbleft\u00a0\u00bb col_1_text_element=\u00a0\u00bbh5&Prime; col_2_text_element=\u00a0\u00bbp\u00a0\u00bb font_family=\u00a0\u00bbp\u00a0\u00bb hover_effect=\u00a0\u00bbnone\u00a0\u00bb icon_family=\u00a0\u00bbnone\u00a0\u00bb icon_size=\u00a0\u00bbregular\u00a0\u00bb col_1_content=\u00a0\u00bbLeitverband des ostbelgischen Sports\u00a0\u00bb col_2_content=\u00a0\u00bbBellmerin 46-47, 4700 Eupen, Belgien\u00a0\u00bb][\/vc_column][\/vc_row][vc_row type=\u00a0\u00bbfull_width_background\u00a0\u00bb full_screen_row_position=\u00a0\u00bbmiddle\u00a0\u00bb column_margin=\u00a0\u00bbnone\u00a0\u00bb column_direction=\u00a0\u00bbdefault\u00a0\u00bb column_direction_tablet=\u00a0\u00bbdefault\u00a0\u00bb column_direction_phone=\u00a0\u00bbdefault\u00a0\u00bb scene_position=\u00a0\u00bbcenter\u00a0\u00bb top_margin=\u00a0\u00bb-6%\u00a0\u00bb text_color=\u00a0\u00bbdark\u00a0\u00bb text_align=\u00a0\u00bbleft\u00a0\u00bb row_border_radius=\u00a0\u00bbnone\u00a0\u00bb row_border_radius_applies=\u00a0\u00bbbg\u00a0\u00bb overflow=\u00a0\u00bbhidden\u00a0\u00bb overlay_strength=\u00a0\u00bb0.3&Prime; gradient_direction=\u00a0\u00bbleft_to_right\u00a0\u00bb shape_divider_position=\u00a0\u00bbbottom\u00a0\u00bb bg_image_animation=\u00a0\u00bbnone\u00a0\u00bb gradient_type=\u00a0\u00bbdefault\u00a0\u00bb shape_type=\u00a0\u00bb\u00a0\u00bb][vc_column top_padding_desktop=\u00a0\u00bb4vw\u00a0\u00bb bottom_padding_desktop=\u00a0\u00bb6vw\u00a0\u00bb left_padding_desktop=\u00a0\u00bb7vw\u00a0\u00bb constrain_group_101=\u00a0\u00bbyes\u00a0\u00bb right_padding_desktop=\u00a0\u00bb7vw\u00a0\u00bb column_element_direction_desktop=\u00a0\u00bbdefault\u00a0\u00bb column_element_spacing=\u00a0\u00bbdefault\u00a0\u00bb desktop_text_alignment=\u00a0\u00bbdefault\u00a0\u00bb tablet_text_alignment=\u00a0\u00bbdefault\u00a0\u00bb phone_text_alignment=\u00a0\u00bbdefault\u00a0\u00bb background_color_opacity=\u00a0\u00bb1&Prime; background_hover_color_opacity=\u00a0\u00bb1&Prime; column_backdrop_filter=\u00a0\u00bbnone\u00a0\u00bb column_shadow=\u00a0\u00bbnone\u00a0\u00bb column_border_radius=\u00a0\u00bbnone\u00a0\u00bb column_link_target=\u00a0\u00bb_self\u00a0\u00bb column_position=\u00a0\u00bbdefault\u00a0\u00bb advanced_gradient_angle=\u00a0\u00bb0&Prime; gradient_direction=\u00a0\u00bbleft_to_right\u00a0\u00bb overlay_strength=\u00a0\u00bb0.8&Prime; width=\u00a0\u00bb1\/1&Prime; tablet_width_inherit=\u00a0\u00bbdefault\u00a0\u00bb animation_type=\u00a0\u00bbdefault\u00a0\u00bb bg_image_animation=\u00a0\u00bbnone\u00a0\u00bb border_type=\u00a0\u00bbsimple\u00a0\u00bb column_border_width=\u00a0\u00bbnone\u00a0\u00bb column_border_style=\u00a0\u00bbsolid\u00a0\u00bb gradient_type=\u00a0\u00bbdefault\u00a0\u00bb column_padding_type=\u00a0\u00bbadvanced\u00a0\u00bb][vc_column_text text_direction=\u00a0\u00bbdefault\u00a0\u00bb]\n<h3 style=\"text-align: left;\">Membres adh\u00e9rents :<\/h3>\n[\/vc_column_text][vc_column_text text_direction=\u00a0\u00bbdefault\u00a0\u00bb]\n<ul>\n<li>Landkreis Merzig-Wadern<\/li>\n<li>Europaministerium<\/li>\n<li>Ministerium fu\u0308r Bildung<\/li>\n<li>Behindertensportverband<\/li>\n<li>Special Olympics Rheinland-Pfalz<\/li>\n<li>Bildungswerk des Landessportbundes Rheinland-Pfalz<\/li>\n<li>DJK Sportverband<\/li>\n<li>ADD Trier<\/li>\n<li>Service r\u00e9gionale de L&rsquo;UNSS<\/li>\n<li>LASEL<\/li>\n<li>LASEP<\/li>\n<\/ul>\n[\/vc_column_text][divider line_type=\u00a0\u00bbFull Width Line\u00a0\u00bb line_thickness=\u00a0\u00bb1&Prime; divider_color=\u00a0\u00bbextra-color-2&Prime;][vc_column_text text_direction=\u00a0\u00bbdefault\u00a0\u00bb]\n<h3 style=\"text-align: left;\">Entre les signataires :<\/h3>\n[\/vc_column_text][vc_column_text text_direction=\u00a0\u00bbdefault\u00a0\u00bb]\n<ul>\n<li>Rathmes, Kurt \u2013 Officiel \u2013 4700 Eupen \u2013 Belgique<\/li>\n<li>Fickers, Alexander \u2013 Ost\u00e9opathe &#8211; 4750 Nidrum &#8211; Belgique<\/li>\n<li>Hory, Thierry \u2013 Officiel \u2013 57155 Marly \u2013 France<\/li>\n<li>Beckmann, M\u00e9lisande \u2013 Employ\u00e9 \u2013 67000 Stra\u00dfburg &#8211; France<\/li>\n<li>Christmann, Stephan \u2013 Officiel \u2013 55270 Ober-Olm \u2013 Allemagne<\/li>\n<li>Mertens, Hannah \u2013 Employ\u00e9 \u2013 XXXX &#8211; Allemagne<\/li>\n<li>Bucher, Christian \u2013 Officiel \u2013 Saarbru\u0308cken \u2013 Allemagne<\/li>\n<li>Sch\u00e4fer, Michael \u2013 Employ\u00e9 \u2013 66459 Kirkel \u2013 Allemagne<\/li>\n<li>K\u00f6nigs, Roger \u2013 Employ\u00e9 \u2013 4790 Burg-Reuland \u2013 Belqigue<\/li>\n<li>Disch, Burkhard \u2013 Employ\u00e9 \u2013 XXXX &#8211; Allemagne<\/li>\n<li>Klaeren, Klaus \u2013 Employ\u00e9 \u2013 XXXXTrier \u2013 Allemagne<\/li>\n<\/ul>\n[\/vc_column_text][vc_column_text text_direction=\u00a0\u00bbdefault\u00a0\u00bb]Raison sociale, forme juridique, adresse du si\u00e8ge social et num\u00e9ro d\u2019immatriculation au registre du commerce et des soci\u00e9t\u00e9s, pour les personnes morales.<br \/>\net tous ceux qui en deviennent ult\u00e9rieurement adh\u00e9rents, il est cr\u00e9\u00e9 une association sans but lucratif, ci-apr\u00e8s d\u00e9nomm\u00e9e l&rsquo;Association, soumise \u00e0 la loi du 7 ao\u00fbt 2023 relative aux associations et fondations sans but lucratif, ci-apr\u00e8s d\u00e9nomm\u00e9e \u00ab la Loi \u00bb.[\/vc_column_text][\/vc_column][\/vc_row][vc_row type=\u00a0\u00bbfull_width_content\u00a0\u00bb full_screen_row_position=\u00a0\u00bbmiddle\u00a0\u00bb column_margin=\u00a0\u00bbdefault\u00a0\u00bb column_direction=\u00a0\u00bbdefault\u00a0\u00bb column_direction_tablet=\u00a0\u00bbdefault\u00a0\u00bb column_direction_phone=\u00a0\u00bbdefault\u00a0\u00bb bg_color=\u00a0\u00bb#ffffff\u00a0\u00bb scene_position=\u00a0\u00bbcenter\u00a0\u00bb top_padding=\u00a0\u00bb5%\u00a0\u00bb bottom_padding=\u00a0\u00bb6%\u00a0\u00bb left_padding_desktop=\u00a0\u00bb3%\u00a0\u00bb right_padding_desktop=\u00a0\u00bb3%\u00a0\u00bb top_margin=\u00a0\u00bb-6%\u00a0\u00bb text_color=\u00a0\u00bbdark\u00a0\u00bb text_align=\u00a0\u00bbleft\u00a0\u00bb row_border_radius=\u00a0\u00bbnone\u00a0\u00bb row_border_radius_applies=\u00a0\u00bbbg\u00a0\u00bb overflow=\u00a0\u00bbhidden\u00a0\u00bb overlay_strength=\u00a0\u00bb0.3&Prime; gradient_direction=\u00a0\u00bbleft_to_right\u00a0\u00bb enable_shape_divider=\u00a0\u00bbtrue\u00a0\u00bb shape_divider_color=\u00a0\u00bb#f8f8f8&Prime; shape_divider_position=\u00a0\u00bbtop\u00a0\u00bb shape_divider_height=\u00a0\u00bb150px\u00a0\u00bb bg_image_animation=\u00a0\u00bbnone\u00a0\u00bb gradient_type=\u00a0\u00bbdefault\u00a0\u00bb shape_type=\u00a0\u00bbtilt_alt\u00a0\u00bb][vc_column top_padding_desktop=\u00a0\u00bb4vw\u00a0\u00bb bottom_padding_desktop=\u00a0\u00bb6vw\u00a0\u00bb left_padding_desktop=\u00a0\u00bb7vw\u00a0\u00bb constrain_group_101=\u00a0\u00bbyes\u00a0\u00bb right_padding_desktop=\u00a0\u00bb7vw\u00a0\u00bb column_element_direction_desktop=\u00a0\u00bbdefault\u00a0\u00bb column_element_spacing=\u00a0\u00bbdefault\u00a0\u00bb desktop_text_alignment=\u00a0\u00bbdefault\u00a0\u00bb tablet_text_alignment=\u00a0\u00bbdefault\u00a0\u00bb phone_text_alignment=\u00a0\u00bbdefault\u00a0\u00bb background_color_opacity=\u00a0\u00bb1&Prime; background_hover_color_opacity=\u00a0\u00bb1&Prime; column_backdrop_filter=\u00a0\u00bbnone\u00a0\u00bb column_shadow=\u00a0\u00bbnone\u00a0\u00bb column_border_radius=\u00a0\u00bbnone\u00a0\u00bb column_link_target=\u00a0\u00bb_self\u00a0\u00bb column_position=\u00a0\u00bbdefault\u00a0\u00bb advanced_gradient_angle=\u00a0\u00bb0&Prime; gradient_direction=\u00a0\u00bbleft_to_right\u00a0\u00bb overlay_strength=\u00a0\u00bb0.8&Prime; width=\u00a0\u00bb1\/1&Prime; tablet_width_inherit=\u00a0\u00bbdefault\u00a0\u00bb animation_type=\u00a0\u00bbdefault\u00a0\u00bb bg_image_animation=\u00a0\u00bbnone\u00a0\u00bb border_type=\u00a0\u00bbsimple\u00a0\u00bb column_border_width=\u00a0\u00bbnone\u00a0\u00bb column_border_style=\u00a0\u00bbsolid\u00a0\u00bb gradient_type=\u00a0\u00bbdefault\u00a0\u00bb column_padding_type=\u00a0\u00bbadvanced\u00a0\u00bb][divider line_type=\u00a0\u00bbNo Line\u00a0\u00bb custom_height=\u00a0\u00bb50px\u00a0\u00bb][split_line_heading animation_type=\u00a0\u00bbline-reveal-by-space\u00a0\u00bb font_style=\u00a0\u00bbh2&Prime; text_color=\u00a0\u00bb#a41d21&Prime; line_reveal_by_space_text_effect=\u00a0\u00bbnone\u00a0\u00bb mobile_disable_animation=\u00a0\u00bbtrue\u00a0\u00bb content_alignment=\u00a0\u00bbleft\u00a0\u00bb mobile_content_alignment=\u00a0\u00bbinherit\u00a0\u00bb link_target=\u00a0\u00bb_self\u00a0\u00bb text_content=\u00a0\u00bbChapitre I\u00a0: D\u00e9nomination et si\u00e8ge social\u00a0\u00bb font_size=\u00a0\u00bb2vw\u00a0\u00bb font_line_height=\u00a0\u00bb1.3&Prime; text_direction=\u00a0\u00bbdefault\u00a0\u00bb][\/split_line_heading][vc_column_text text_direction=\u00a0\u00bbdefault\u00a0\u00bb]<strong>Article 1er<\/strong><br \/>\nL\u2019Association porte la d\u00e9nomination Pool europ\u00e9en interr\u00e9gional du sport (EuroSportPool) et a son si\u00e8ge social dans la commune de Luxembourg \u00e0 Luxembourg.<br \/>\nElle est constitu\u00e9e pour une dur\u00e9e illimit\u00e9e.[\/vc_column_text][vc_column_text text_direction=\u00a0\u00bbdefault\u00a0\u00bb]<strong>Article 2<\/strong><br \/>\nLe but de l\u2019Association est\u00a0:<br \/>\n&#8211; Encourager les rencontres, rendre perceptible et exploiter la diversit\u00e9 dans les r\u00e9gions frontali\u00e8res de la Grande R\u00e9gion, notamment par le biais de comp\u00e9titions sportives et de la coop\u00e9ration entre organisations sportives.<br \/>\n&#8211; Renforcer les liens entre les r\u00e9gions membres au-del\u00e0 des fronti\u00e8res et des barri\u00e8res linguistiques.<br \/>\n&#8211; Former une communaut\u00e9 sportive int\u00e9grative qui jette des ponts, favorise les amiti\u00e9s et approfondit la compr\u00e9hension entre les personnes d&rsquo;origines diff\u00e9rentes.<br \/>\n&#8211; Nous encourageons la coop\u00e9ration, la communication et l&rsquo;\u00e9ducation dans le sport et cr\u00e9ons un mouvement sportif transfrontalier durable.<br \/>\n&#8211; Nous nous engageons \u00e0 faciliter les rencontres dans le sport et \u00e0 communiquer \u00e0 ce sujet, \u00e0 \u00e9veiller l&rsquo;int\u00e9r\u00eat pour le voisin proche de la fronti\u00e8re dans la Grande R\u00e9gion et \u00e0 d\u00e9velopper des initiatives communes.<br \/>\n&#8211; Nous mettons en \u0153uvre la Charte du sport pour la Grande R\u00e9gion en \u00e9troite concertation avec le groupe de travail Sport de la Grande R\u00e9gion et g\u00e9rons le Fonds du sport de la Grande R\u00e9gion pour le groupe de travail Sport.[\/vc_column_text][divider line_type=\u00a0\u00bbNo Line\u00a0\u00bb custom_height=\u00a0\u00bb50px\u00a0\u00bb][split_line_heading animation_type=\u00a0\u00bbline-reveal-by-space\u00a0\u00bb font_style=\u00a0\u00bbh2&Prime; text_color=\u00a0\u00bb#a41d21&Prime; line_reveal_by_space_text_effect=\u00a0\u00bbnone\u00a0\u00bb mobile_disable_animation=\u00a0\u00bbtrue\u00a0\u00bb content_alignment=\u00a0\u00bbleft\u00a0\u00bb mobile_content_alignment=\u00a0\u00bbinherit\u00a0\u00bb link_target=\u00a0\u00bb_self\u00a0\u00bb text_content=\u00a0\u00bbChapitre II\u00a0: Les membres\u00a0\u00bb font_size=\u00a0\u00bb2vw\u00a0\u00bb font_line_height=\u00a0\u00bb1.3&Prime; text_direction=\u00a0\u00bbdefault\u00a0\u00bb][\/split_line_heading][vc_column_text text_direction=\u00a0\u00bbdefault\u00a0\u00bb]<strong>Article 3<\/strong><br \/>\nLa qualit\u00e9 de membre effectif est conf\u00e9r\u00e9e par l\u2019Assembl\u00e9e g\u00e9n\u00e9rale<br \/>\nLa personne qui veut devenir membre doit remplir les conditions suivantes\u00a0:<br \/>\n&#8211; elle est une organisation fa\u00eeti\u00e8re reconnue pour le sport organis\u00e9 sur le territoire de la Grande R\u00e9gion<br \/>\nou<br \/>\n&#8211; elle est une autorit\u00e9 publique comp\u00e9tente en mati\u00e8re de sport.<br \/>\n&#8211; elle est une acad\u00e9mie \u00e0 vocation sportive interr\u00e9gionale europ\u00e9enne.<br \/>\nou<br \/>\n&#8211; Elle est un \u00e9tablissement d&rsquo;enseignement en rapport avec le sport<br \/>\n\u2026\u2026d\u00e9crivez les conditions pour devenir membre<br \/>\nUne demande correspondante est \u00e0 adresser au Conseil d\u2019administration qui transmet la demande \u00e0 l\u2019Assembl\u00e9e g\u00e9n\u00e9rale pour d\u00e9cision (au cas o\u00f9 c\u2019est cette derni\u00e8re que d\u00e9cide de l\u2019acceptation du nouveau membre.<br \/>\nLes membres sont tenus de payer une cotisation annuelle dont le montant est fix\u00e9 par l\u2019Assembl\u00e9e g\u00e9n\u00e9rale et qui ne peut \u00eatre sup\u00e9rieur \u00e0 5.000 euros, indiquez le montant maximum de la cotisation<br \/>\nLe nombre minimum des membres est de 3 \u2026indiquez le nombre minimum qui doit \u00eatre au moins de deux.[\/vc_column_text][vc_column_text text_direction=\u00a0\u00bbdefault\u00a0\u00bb]<strong>Article 4<\/strong><br \/>\nL\u2019Association peut accepter comme membre adh\u00e9rent toute personne avec laquelle elle entretient un lien et qui remplit les conditions suivantes\u00a0:<br \/>\n&#8211; l&rsquo;organisation a une mission \u00e9ducative dans le sport dans sa r\u00e9gion ;<br \/>\n&#8211; l&rsquo;organisation s&rsquo;occupe dans sa r\u00e9gion du sport pour les personnes handicap\u00e9es ;<br \/>\n&#8211; l&rsquo;organisation s&rsquo;occupe du sport extrascolaire dans sa r\u00e9gion ;<br \/>\n\u2026.d\u00e9crire les conditions permettant \u00e0 une personne d\u2019\u00eatre qualifi\u00e9e comme membre adh\u00e9rent\u2026.<br \/>\nLes membres adh\u00e9rents ne tombent pas sous l\u2019application des droits et obligations fix\u00e9s par la Loi et, par cons\u00e9quent, ne disposent pas d\u2019un droit de vote aux assembl\u00e9es g\u00e9n\u00e9rales.[\/vc_column_text][vc_column_text text_direction=\u00a0\u00bbdefault\u00a0\u00bb]<strong>Article 5<\/strong><br \/>\nLa qualit\u00e9 de membre se perd par\u00a0:<br \/>\n\u2022 la d\u00e9mission \u00e9crite adress\u00e9e par simple lettre au Conseil d&rsquo;administration,<br \/>\n\u2022 le d\u00e9c\u00e8s de la personne physique ou de la dissolution de la personne morale,<br \/>\n\u2022 la d\u00e9mission de plein droit en cas de non-paiement de la cotisation annuelle dans les trois mois \u00e0 partir de l\u2019\u00e9ch\u00e9ance des cotisations,<br \/>\n\u2022 la radiation prononc\u00e9e par l\u2019Assembl\u00e9e g\u00e9n\u00e9rale pour motif grave ou atteinte grave aux int\u00e9r\u00eats de l\u2019Association.<br \/>\nL&rsquo;Assembl\u00e9e g\u00e9n\u00e9rale prend sa d\u00e9cision \u00e0 la majorit\u00e9 des deux tiers des membres pr\u00e9sents ou repr\u00e9sent\u00e9s.<br \/>\nLes membres d\u00e9missionnaires ou exclus ainsi que leurs ayants droits n\u2019ont aucun droit sur le fonds social et ils ne peuvent pas r\u00e9clamer le remboursement des cotisations vers\u00e9es.[\/vc_column_text][vc_column_text text_direction=\u00a0\u00bbdefault\u00a0\u00bb]<strong>Article 6<\/strong><br \/>\nL\u2019Association tient \u00e0 son si\u00e8ge un registre actualis\u00e9 des membres selon les conditions de l\u2019article 9 de la Loi qui peut notamment \u00eatre consult\u00e9 par les membres.[\/vc_column_text][divider line_type=\u00a0\u00bbNo Line\u00a0\u00bb custom_height=\u00a0\u00bb50px\u00a0\u00bb][split_line_heading animation_type=\u00a0\u00bbline-reveal-by-space\u00a0\u00bb font_style=\u00a0\u00bbh2&Prime; text_color=\u00a0\u00bb#a41d21&Prime; line_reveal_by_space_text_effect=\u00a0\u00bbnone\u00a0\u00bb mobile_disable_animation=\u00a0\u00bbtrue\u00a0\u00bb content_alignment=\u00a0\u00bbleft\u00a0\u00bb mobile_content_alignment=\u00a0\u00bbinherit\u00a0\u00bb link_target=\u00a0\u00bb_self\u00a0\u00bb text_content=\u00a0\u00bbChapitre III\u00a0: L\u2019Assembl\u00e9e g\u00e9n\u00e9rale\u00a0\u00bb font_size=\u00a0\u00bb2vw\u00a0\u00bb font_line_height=\u00a0\u00bb1.3&Prime; text_direction=\u00a0\u00bbdefault\u00a0\u00bb][\/split_line_heading][vc_column_text text_direction=\u00a0\u00bbdefault\u00a0\u00bb]<strong>Article 7<\/strong><br \/>\nL\u2019Assembl\u00e9e g\u00e9n\u00e9rale a les pouvoirs les plus \u00e9tendus pour prendre toute d\u00e9cision qui int\u00e9resse l\u2019Association. Tous les membres sont convoqu\u00e9s par le Conseil d\u2019administration \u00e0 l\u2019Assembl\u00e9e g\u00e9n\u00e9rale au moins quinze jours avant la date par courrier postal ou \u00e9lectronique.<br \/>\nTous les membres ont un droit de vote \u00e9gal \u00e0 l\u2019Assembl\u00e9e g\u00e9n\u00e9rale et les r\u00e9solutions sont prises \u00e0 la majorit\u00e9 des voix des membres pr\u00e9sents ou repr\u00e9sent\u00e9s, sauf dans les cas o\u00f9 il en est d\u00e9cid\u00e9 autrement par la Loi ou les statuts.<br \/>\nLes membres peuvent participer par visioconf\u00e9rence ou par tout autre moyen de t\u00e9l\u00e9communication permettant leur identification et ils sont ainsi r\u00e9put\u00e9s \u00eatre pr\u00e9sents \u00e0 la r\u00e9union de l\u2019Assembl\u00e9e g\u00e9n\u00e9rale.<br \/>\nLes r\u00e9solutions de l\u2019Assembl\u00e9e g\u00e9n\u00e9rale sont consign\u00e9es dans des proc\u00e8s-verbaux qui sont sign\u00e9s par le Pr\u00e9sident et conserv\u00e9s au si\u00e8ge de l\u2019Association o\u00f9 ils peuvent \u00eatre consult\u00e9s par les membres.[\/vc_column_text][vc_column_text text_direction=\u00a0\u00bbdefault\u00a0\u00bb]<strong>Article 8<\/strong><br \/>\nL\u2019Assembl\u00e9e g\u00e9n\u00e9rale se r\u00e9unit au moins une fois par an, au plus tard six mois apr\u00e8s la date de cl\u00f4ture de l\u2019exercice social pour approuver les documents comptables annuels de l\u2019exercice social \u00e9coul\u00e9 ainsi que le budget de l\u2019exercice suivant. L\u2019exercice social co\u00efncide avec l\u2019ann\u00e9e civile.<br \/>\nL\u2019Assembl\u00e9e g\u00e9n\u00e9rale doit se r\u00e9unir si un cinqui\u00e8me au moins des membres en fait la demande.<br \/>\nLes membres peuvent se faire repr\u00e9senter moyennant une procuration \u00e9crite par un autre membre ou par un tiers. Un membre ne peut d\u00e9tenir pas plus d\u2019une procuration\u2026ou indiquez un autre chiffre.[\/vc_column_text][vc_column_text text_direction=\u00a0\u00bbdefault\u00a0\u00bb]<strong>Article 9<\/strong><br \/>\nRel\u00e8vent de la comp\u00e9tence exclusive de l\u2019Assembl\u00e9e g\u00e9n\u00e9rale\u00a0:<br \/>\n\u2022 la modification des statuts,<br \/>\n\u2022 la nomination, la r\u00e9vocation des administrateurs et la fixation de leur nombre,<br \/>\n\u2022 la nomination et la r\u00e9vocation des commissaires aux comptes et du r\u00e9viseur d\u2019entreprise agr\u00e9\u00e9,<br \/>\n\u2022 l\u2019approbation du budget et des comptes annuels,<br \/>\n\u2022 la dissolution de l\u2019association,<br \/>\n\u2022 l\u2019exclusion d\u2019un membre,<br \/>\n\u2022 la demande pour la reconnaissance du statut d\u2019utilit\u00e9 publique.[\/vc_column_text][divider line_type=\u00a0\u00bbNo Line\u00a0\u00bb custom_height=\u00a0\u00bb50px\u00a0\u00bb][split_line_heading animation_type=\u00a0\u00bbline-reveal-by-space\u00a0\u00bb font_style=\u00a0\u00bbh2&Prime; text_color=\u00a0\u00bb#a41d21&Prime; line_reveal_by_space_text_effect=\u00a0\u00bbnone\u00a0\u00bb mobile_disable_animation=\u00a0\u00bbtrue\u00a0\u00bb content_alignment=\u00a0\u00bbleft\u00a0\u00bb mobile_content_alignment=\u00a0\u00bbinherit\u00a0\u00bb link_target=\u00a0\u00bb_self\u00a0\u00bb text_content=\u00a0\u00bbChapitre IV\u00a0: Le Conseil d\u2019administration\u00a0\u00bb font_size=\u00a0\u00bb2vw\u00a0\u00bb font_line_height=\u00a0\u00bb1.3&Prime; text_direction=\u00a0\u00bbdefault\u00a0\u00bb][\/split_line_heading][vc_column_text text_direction=\u00a0\u00bbdefault\u00a0\u00bb]<strong>Article 10<\/strong><br \/>\nLe Conseil d\u2019administration a le pouvoir d\u2019accomplir tous les actes n\u00e9cessaires et utiles \u00e0 la r\u00e9alisation du but social \u00e0 l\u2019exception de ceux que la loi r\u00e9serve \u00e0 l\u2019Assembl\u00e9e g\u00e9n\u00e9rale. Il est convoqu\u00e9 par le Pr\u00e9sident par voie postale ou \u00e9lectronique au moins huit jours avant la date propos\u00e9e.<br \/>\nLe Conseil d\u2019administration est compos\u00e9 au moins de 3 et au plus de 16 administrateurs \u2026indiquez le nombre maximum d\u2019administrateurs\u2026., \u00e9tant entendu qu\u2019il appartient \u00e0 l\u2019Assembl\u00e9e g\u00e9n\u00e9rale de d\u00e9terminer le nombre pr\u00e9cis d\u2019administrateurs \u00e0 \u00e9lire. Il ne peut valablement d\u00e9lib\u00e9rer que si la moiti\u00e9 des administrateurs au moins est pr\u00e9sente ou repr\u00e9sent\u00e9e. Les d\u00e9cisions sont prises \u00e0 la majorit\u00e9 des membres pr\u00e9sents ou repr\u00e9sent\u00e9s.<br \/>\nLes d\u00e9cisions du Conseil d\u2019administration peuvent \u00eatre prises par consentement unanime des administrateurs exprim\u00e9 par \u00e9crit dans des cas exceptionnels d\u00fbment justifi\u00e9s.<br \/>\nLes administrateurs peuvent participer par visioconf\u00e9rence ou par tout autre moyen de t\u00e9l\u00e9communication permettant leur identification. Ils peuvent donner, par voie postale ou \u00e9lectronique, mandat \u00e0 un autre administrateur pour les repr\u00e9senter \u00e0 toute r\u00e9union du Conseil d\u2019administration. Un m\u00eame administrateur ne peut repr\u00e9senter qu\u2019un seul autre administrateur \u00e0 la fois.<br \/>\nLes r\u00e9solutions du Conseil d\u2019administration sont consign\u00e9es dans des proc\u00e8s-verbaux qui sont sign\u00e9s par le Pr\u00e9sident et conserv\u00e9s au si\u00e8ge de l\u2019Association.[\/vc_column_text][vc_column_text text_direction=\u00a0\u00bbdefault\u00a0\u00bb]<strong>Article 11<\/strong><br \/>\nLes administrateurs d\u00e9signent entre eux, \u00e0 la simple majorit\u00e9, ceux qui exercent les fonctions de pr\u00e9sident, secr\u00e9taire, Tr\u00e9sorier, assesseur\u2026. ou autres fonctions\u2026<br \/>\nL\u2019Association est engag\u00e9e par la signature conjointe de deux administrateurs.<br \/>\nL\u2019Association peut d\u00e9l\u00e9guer la gestion journali\u00e8re \u00e0 une ou plusieurs personnes physiques ou morales, administrateurs ou non, membres ou non, agissant seuls ou conjointement. La d\u00e9l\u00e9gation de la gestion journali\u00e8re est subordonn\u00e9e \u00e0 l\u2019autorisation pr\u00e9alable de l\u2019Assembl\u00e9e g\u00e9n\u00e9rale.[\/vc_column_text][divider line_type=\u00a0\u00bbNo Line\u00a0\u00bb custom_height=\u00a0\u00bb50px\u00a0\u00bb][split_line_heading animation_type=\u00a0\u00bbline-reveal-by-space\u00a0\u00bb font_style=\u00a0\u00bbh2&Prime; text_color=\u00a0\u00bb#a41d21&Prime; line_reveal_by_space_text_effect=\u00a0\u00bbnone\u00a0\u00bb mobile_disable_animation=\u00a0\u00bbtrue\u00a0\u00bb content_alignment=\u00a0\u00bbleft\u00a0\u00bb mobile_content_alignment=\u00a0\u00bbinherit\u00a0\u00bb link_target=\u00a0\u00bb_self\u00a0\u00bb text_content=\u00a0\u00bbChapitre V\u00a0: R\u00e9f\u00e9rences \u00e0 la loi du 7 ao\u00fbt 2023 sur les associations sans but lucratif et les fondations (la Loi)<br \/>\n\u00a0\u00bb font_size=\u00a0\u00bb2vw\u00a0\u00bb font_line_height=\u00a0\u00bb1.3&Prime; text_direction=\u00a0\u00bbdefault\u00a0\u00bb][\/split_line_heading][vc_column_text text_direction=\u00a0\u00bbdefault\u00a0\u00bb]<strong>Article 12<\/strong><br \/>\nPar r\u00e9f\u00e9rence \u00e0 l\u2019article 18 de la Loi, le r\u00e9gime comptable de l\u2019Association est celui qui s\u2019applique selon la cat\u00e9gorie \u00e0 laquelle elle appartient.<br \/>\nLa modification des statuts s\u2019effectue selon les dispositions de l\u2019article 15 de la Loi.<br \/>\nLa dissolution de l\u2019Association s\u2019effectue selon les dispositions de l\u2019article 25 de la Loi.<br \/>\nPour tous les points non r\u00e9gl\u00e9s par les pr\u00e9sents statuts, les dispositions de la Loi s\u2019appliquent ainsi que tout r\u00e8glement d\u2019ordre interne devant \u00eatre adopt\u00e9 par le Conseil d\u2019administration.[\/vc_column_text][divider line_type=\u00a0\u00bbNo Line\u00a0\u00bb custom_height=\u00a0\u00bb50px\u00a0\u00bb][vc_column_text text_direction=\u00a0\u00bbdefault\u00a0\u00bb]<strong>Prochaines \u00e9tapes pour la cr\u00e9ation de l\u2019asbl<\/strong><\/p>\n<p>Premi\u00e8re \u00e9tape\u00a0: les membres fondateurs adoptent les statuts en y apposant leur signature.<br \/>\nDeuxi\u00e8me \u00e9tape\u00a0: les membres fondateurs \u00e9lisent les administrateurs.<br \/>\nTroisi\u00e8me \u00e9tape\u00a0: les administrateurs d\u00e9signent le Pr\u00e9sident, Secr\u00e9taire, Tr\u00e9sorier.<br \/>\nQuatri\u00e8me \u00e9tape\u00a0: faire les d\u00e9p\u00f4ts et publications au Registre du Commerce et des Soci\u00e9t\u00e9s.[\/vc_column_text][\/vc_column][\/vc_row]\n","protected":false},"excerpt":{"rendered":"<p>[vc_row type=\u00a0\u00bbfull_width_content\u00a0\u00bb full_screen_row_position=\u00a0\u00bbmiddle\u00a0\u00bb column_margin=\u00a0\u00bbnone\u00a0\u00bb equal_height=\u00a0\u00bbyes\u00a0\u00bb content_placement=\u00a0\u00bbmiddle\u00a0\u00bb column_direction=\u00a0\u00bbdefault\u00a0\u00bb column_direction_tablet=\u00a0\u00bbdefault\u00a0\u00bb column_direction_phone=\u00a0\u00bbdefault\u00a0\u00bb scene_position=\u00a0\u00bbcenter\u00a0\u00bb top_padding=\u00a0\u00bb12%\u00a0\u00bb bottom_padding=\u00a0\u00bb2%\u00a0\u00bb left_padding_desktop=\u00a0\u00bb7%\u00a0\u00bb constrain_group_2=\u00a0\u00bbyes\u00a0\u00bb right_padding_desktop=\u00a0\u00bb7%\u00a0\u00bb bottom_padding_tablet=\u00a0\u00bb10%\u00a0\u00bb text_color=\u00a0\u00bbdark\u00a0\u00bb text_align=\u00a0\u00bbleft\u00a0\u00bb row_border_radius=\u00a0\u00bbnone\u00a0\u00bb row_border_radius_applies=\u00a0\u00bbbg\u00a0\u00bb overflow=\u00a0\u00bbvisible\u00a0\u00bb id=\u00a0\u00bbhow-it-works\u00a0\u00bb advanced_gradient_angle=\u00a0\u00bb0&Prime; overlay_strength=\u00a0\u00bb0.3&Prime; gradient_direction=\u00a0\u00bbleft_to_right\u00a0\u00bb shape_divider_position=\u00a0\u00bbbottom\u00a0\u00bb bg_image_animation=\u00a0\u00bbnone\u00a0\u00bb gradient_type=\u00a0\u00bbdefault\u00a0\u00bb shape_type=\u00a0\u00bb\u00a0\u00bb][vc_column column_padding=\u00a0\u00bbno-extra-padding\u00a0\u00bb&#8230;<\/p>\n","protected":false},"author":1,"featured_media":0,"parent":0,"menu_order":0,"comment_status":"closed","ping_status":"closed","template":"","meta":{"om_disable_all_campaigns":false,"_monsterinsights_skip_tracking":false,"_monsterinsights_sitenote_active":false,"_monsterinsights_sitenote_note":"","_monsterinsights_sitenote_category":0,"footnotes":""},"class_list":["post-1116","page","type-page","status-publish"],"aioseo_notices":[],"_links":{"self":[{"href":"https:\/\/eurosportpool.eu\/fr\/wp-json\/wp\/v2\/pages\/1116","targetHints":{"allow":["GET"]}}],"collection":[{"href":"https:\/\/eurosportpool.eu\/fr\/wp-json\/wp\/v2\/pages"}],"about":[{"href":"https:\/\/eurosportpool.eu\/fr\/wp-json\/wp\/v2\/types\/page"}],"author":[{"embeddable":true,"href":"https:\/\/eurosportpool.eu\/fr\/wp-json\/wp\/v2\/users\/1"}],"replies":[{"embeddable":true,"href":"https:\/\/eurosportpool.eu\/fr\/wp-json\/wp\/v2\/comments?post=1116"}],"version-history":[{"count":3,"href":"https:\/\/eurosportpool.eu\/fr\/wp-json\/wp\/v2\/pages\/1116\/revisions"}],"predecessor-version":[{"id":1142,"href":"https:\/\/eurosportpool.eu\/fr\/wp-json\/wp\/v2\/pages\/1116\/revisions\/1142"}],"wp:attachment":[{"href":"https:\/\/eurosportpool.eu\/fr\/wp-json\/wp\/v2\/media?parent=1116"}],"curies":[{"name":"wp","href":"https:\/\/api.w.org\/{rel}","templated":true}]}}